{"id":16,"date":"2023-12-01T21:24:10","date_gmt":"2023-12-01T21:24:10","guid":{"rendered":"https:\/\/film.julia-anoeta.de\/?page_id=16"},"modified":"2024-04-09T09:03:42","modified_gmt":"2024-04-09T09:03:42","slug":"ueber-mich","status":"publish","type":"page","link":"https:\/\/film.julia-anoeta.de\/index.php\/ueber-mich\/","title":{"rendered":"\u00dcber mich"},"content":{"rendered":"\n<div class=\"wp-block-group alignfull has-accent-background-color has-background is-layout-constrained wp-container-core-group-is-layout-669513ed wp-block-group-is-layout-constrained\" style=\"margin-top:0;margin-bottom:0;padding-top:var(--wp--preset--spacing--50);padding-right:var(--wp--preset--spacing--50);padding-bottom:var(--wp--preset--spacing--50);padding-left:var(--wp--preset--spacing--50)\">\n<div class=\"wp-block-columns alignwide is-layout-flex wp-container-core-columns-is-layout-1da03c2a wp-block-columns-is-layout-flex\">\n<div class=\"wp-block-column is-vertically-aligned-stretch is-layout-flow wp-block-column-is-layout-flow\" style=\"flex-basis:50%\">\n<div class=\"wp-block-group is-vertical is-content-justification-stretch is-layout-flex wp-container-core-group-is-layout-444d5ee8 wp-block-group-is-layout-flex\" style=\"min-height:100%\">\n<p><a href=\"https:\/\/julia-anoeta.de\/wp-admin\/edit.php?post_type=page\"><\/a><a href=\"https:\/\/julia-anoeta.de\/?page_id=241\" target=\"_blank\" rel=\"noreferrer noopener\"><\/a><\/p>\n\n\n\n<p id=\"block-30369398-1a2e-434a-aa9d-7b9378df016d\"><em>Ich wurde als einer der sp\u00e4teren Millennials in<\/em> <em>Rheinland-Pfalz geboren, (wo es mich nicht lange hielt). Das Millennnial-Sein konnte ich jedoch nie ganz ablegen.<\/em><\/p>\n\n\n\n<p id=\"block-88802c66-b489-4c0e-95fa-b3acdedd9d85\"><em>Irgendwann fing ich an, in Film-Bildern zu denken. Im Anschluss habe ich mit viel Herzblut erste Regie-Erfahrungen gesammelt, Kurzfilme in die Tat umgesetzt, bei Drehs mitgewirkt.<\/em><\/p>\n\n\n\n<p id=\"block-e2884c47-3a0a-4a5d-8925-bf82a1e0a5ee\"><em>Nach einem FSJ Kultur in Darmstadt, habe ich l\u00e4ngere Zeit Zwischenstation in K\u00f6ln gemacht, Praktika absolviert, unter anderem bei Gei\u00dfend\u00f6rffer Film und Zieglerfilm in K\u00f6ln.<\/em><\/p>\n\n\n\n<p id=\"block-9bb291f5-60c6-4621-a3bd-d7be33fe1c79\"><em>Schlie\u00dflich bin ich f\u00fcr ein Studium der Medienkunst\/Mediengestaltung in Weimar gelandet und bis jetzt dort geblieben.<\/em><\/p>\n\n\n\n<p id=\"block-ae739ed4-4692-4f6c-8c13-70946edf804b\"><em><strong>Erfahrungen und Auszeichnungen<\/strong><\/em><\/p>\n\n\n\n<ul class=\"wp-block-list\" id=\"block-98de2004-f35b-49bd-9d49-ee74045d169b\">\n<li><em>Aktuell als Freelancer t\u00e4tig, z. B . EB-Assistenz<\/em><em>u. a. f\u00fcr SAVIDAS Filmproduction GmbH<\/em><em>oder Schnitt von YouTube-Videos f\u00fcr diverse Auftraggeber<\/em><\/li>\n\n\n\n<li><em>Verschiedene Film-Praktika von 2013\u20132015<\/em><\/li>\n\n\n\n<li><em>Veedelsfilmpreis K\u00f6ln, 2015 f\u00fcr den Film \u201eTiger Lilly\u201c<\/em><\/li>\n\n\n\n<li><em>Nominierung f\u00fcr den Film \u201eTagebruch \u2013 Under the Surface\u201c; Festival SHORT to the Point Bucharest, 2019<\/em><\/li>\n\n\n\n<li><em>F\u00f6rderpreis Medienkunst der Bauhaus-Universit\u00e4t Weimar, 2019<\/em><\/li>\n\n\n\n<li><em>Masterclass mit Schauspielerin Heike Makatsch, auf dem Filmfestival Max Oph\u00fcls Preis, 2020<\/em><\/li>\n\n\n\n<li><em>Into The Wild Mentoring-Workshop f\u00fcr Frauen der deutschen Filmbranche, Dezember 2020<\/em><\/li>\n<\/ul>\n\n\n\n<p><p id=\"block-a586e69c-db56-42a1-a583-0a0fdf7fb014\">\ufeff<\/p><\/p>\n\n\n\n<p id=\"block-73b5a97b-68cf-41ad-9972-80363b7a8b49\"><em><strong>Was&nbsp;mich&nbsp;neben&nbsp;Poesie,&nbsp;Film&nbsp;und&nbsp;Fotografie&nbsp;begeistert:<\/strong><\/em><\/p>\n\n\n\n<ul class=\"wp-block-list\" id=\"block-547d1b38-5773-4a25-a792-9a1d09711961\">\n<li><em>Tanz&nbsp;(ich&nbsp;tanze&nbsp;selbst&nbsp;verschiedene&nbsp;Stile)<\/em><\/li>\n\n\n\n<li><em>Musik<\/em><\/li>\n\n\n\n<li><em>Frankreich<\/em><\/li>\n\n\n\n<li><em>Franz\u00f6sische Musik<\/em><\/li>\n\n\n\n<li><em>Die Farbe Gelb<\/em><\/li>\n\n\n\n<li><em>Keramik-Kunst<\/em><\/li>\n<\/ul>\n\n\n\n<ul class=\"wp-block-list\">\n<li><\/li>\n<\/ul>\n<\/div>\n<\/div>\n\n\n\n<div class=\"wp-block-column is-vertically-aligned-center is-layout-flow wp-block-column-is-layout-flow\" style=\"flex-basis:50%\">\n<figure class=\"wp-block-image size-large is-style-rounded\"><img loading=\"lazy\" decoding=\"async\" width=\"724\" height=\"1024\" src=\"https:\/\/film.julia-anoeta.de\/wp-content\/uploads\/2024\/04\/IMG_3498_hoch2-724x1024.jpg\" alt=\"\" class=\"wp-image-57\" srcset=\"https:\/\/film.julia-anoeta.de\/wp-content\/uploads\/2024\/04\/IMG_3498_hoch2-724x1024.jpg 724w, https:\/\/film.julia-anoeta.de\/wp-content\/uploads\/2024\/04\/IMG_3498_hoch2-212x300.jpg 212w, https:\/\/film.julia-anoeta.de\/wp-content\/uploads\/2024\/04\/IMG_3498_hoch2-768x1087.jpg 768w, https:\/\/film.julia-anoeta.de\/wp-content\/uploads\/2024\/04\/IMG_3498_hoch2-1085x1536.jpg 1085w, https:\/\/film.julia-anoeta.de\/wp-content\/uploads\/2024\/04\/IMG_3498_hoch2-1447x2048.jpg 1447w, https:\/\/film.julia-anoeta.de\/wp-content\/uploads\/2024\/04\/IMG_3498_hoch2-scaled.jpg 1809w\" sizes=\"auto, (max-width: 724px) 100vw, 724px\" \/><\/figure>\n<\/div>\n<\/div>\n<\/div>\n\n\n\n<div class=\"wp-block-group alignfull has-base-background-color has-background is-layout-constrained wp-container-core-group-is-layout-d89aad35 wp-block-group-is-layout-constrained\" style=\"margin-top:0;margin-bottom:0;padding-top:var(--wp--preset--spacing--50);padding-right:var(--wp--preset--spacing--50);padding-bottom:var(--wp--preset--spacing--50);padding-left:var(--wp--preset--spacing--50)\">\n<div class=\"wp-block-columns alignwide is-layout-flex wp-container-core-columns-is-layout-549b0c86 wp-block-columns-is-layout-flex\"><\/div>\n<\/div>\n\n\n\n<div class=\"wp-block-group alignfull has-accent-5-background-color has-background is-layout-constrained wp-container-core-group-is-layout-d89aad35 wp-block-group-is-layout-constrained\" style=\"margin-top:0;margin-bottom:0;padding-top:var(--wp--preset--spacing--50);padding-right:var(--wp--preset--spacing--50);padding-bottom:var(--wp--preset--spacing--50);padding-left:var(--wp--preset--spacing--50)\">\n<div class=\"wp-block-columns alignwide is-layout-flex wp-container-core-columns-is-layout-1da03c2a wp-block-columns-is-layout-flex\">\n<div class=\"wp-block-column is-vertically-aligned-center is-layout-flow wp-block-column-is-layout-flow\" style=\"flex-basis:60%\">\n<figure class=\"wp-block-image size-full is-style-rounded wp-duotone-varpresetduotoneduotone-1-1\"><img decoding=\"async\" src=\"https:\/\/film.julia-anoeta.de\/wp-content\/themes\/twentytwentyfour\/assets\/images\/abstract-geometric-art.webp\" alt=\"Wei\u00dfes abstraktes geometrisches Kunstwerk aus Dresden, Deutschland\" style=\"aspect-ratio:4\/3;object-fit:cover\"\/><\/figure>\n<\/div>\n<\/div>\n<\/div>\n\n\n\n<div class=\"wp-block-group alignfull is-layout-constrained wp-container-core-group-is-layout-669513ed wp-block-group-is-layout-constrained\" style=\"margin-top:0;margin-bottom:0;padding-top:var(--wp--preset--spacing--50);padding-right:var(--wp--preset--spacing--50);padding-bottom:var(--wp--preset--spacing--50);padding-left:var(--wp--preset--spacing--50)\">\n<h2 class=\"wp-block-heading has-text-align-center has-xx-large-font-size\">Unser Team<\/h2>\n\n\n\n<div class=\"wp-block-group is-vertical is-content-justification-center is-layout-flex wp-container-core-group-is-layout-ce155fab wp-block-group-is-layout-flex\">\n<p class=\"has-text-align-center\">Mitwirkende<\/p>\n<\/div>\n\n\n\n<div style=\"height:var(--wp--preset--spacing--30)\" aria-hidden=\"true\" class=\"wp-block-spacer\"><\/div>\n\n\n\n<div class=\"wp-block-columns alignwide is-layout-flex wp-container-core-columns-is-layout-4935966c wp-block-columns-is-layout-flex\" style=\"padding-right:0;padding-left:0\">\n<div class=\"wp-block-column is-layout-flow wp-block-column-is-layout-flow\">\n\n\n<div class=\"wp-block-group is-vertical is-content-justification-center is-nowrap is-layout-flex wp-container-core-group-is-layout-21d4e958 wp-block-group-is-layout-flex\">\n<p class=\"has-text-align-center has-small-font-size\"> <strong>N. N.<\/strong> <\/p>\n\n\n\n<p class=\"has-text-align-center has-small-font-size\">Kamera<\/p>\n<\/div>\n<\/div>\n\n\n\n<div class=\"wp-block-column is-layout-flow wp-block-column-is-layout-flow\">\n\n\n<div class=\"wp-block-group is-vertical is-content-justification-center is-nowrap is-layout-flex wp-container-core-group-is-layout-63bfd6c1 wp-block-group-is-layout-flex\">\n<p class=\"has-text-align-center has-small-font-size\"> <strong>N. N.<\/strong> <\/p>\n\n\n\n<p class=\"has-text-align-center has-small-font-size\">Ton<\/p>\n<\/div>\n<\/div>\n\n\n\n<div class=\"wp-block-column is-layout-flow wp-block-column-is-layout-flow\">\n\n\n<div class=\"wp-block-group is-vertical is-content-justification-center is-nowrap is-layout-flex wp-container-core-group-is-layout-63bfd6c1 wp-block-group-is-layout-flex\">\n<p class=\"has-text-align-center has-small-font-size\"> <strong>N. N.<\/strong> <\/p>\n\n\n\n<p class=\"has-text-align-center has-small-font-size\">Schnitt<\/p>\n<\/div>\n<\/div>\n\n\n\n<div class=\"wp-block-column is-layout-flow wp-block-column-is-layout-flow\">\n\n\n<div class=\"wp-block-group is-vertical is-content-justification-center is-nowrap is-layout-flex wp-container-core-group-is-layout-21d4e958 wp-block-group-is-layout-flex\">\n<p class=\"has-text-align-center has-small-font-size\"> <strong>N. N.<\/strong> <\/p>\n\n\n\n<p class=\"has-text-align-center has-small-font-size\">Produktion<\/p>\n<\/div>\n<\/div>\n<\/div>\n<\/div>\n\n\n\n\n\n<div class=\"wp-block-group alignfull has-base-color has-contrast-background-color has-text-color has-background has-link-color wp-elements-27ff5b35de0ca92a652370173eb0166f is-layout-constrained wp-container-core-group-is-layout-d89aad35 wp-block-group-is-layout-constrained\" style=\"margin-top:0;margin-bottom:0;padding-top:var(--wp--preset--spacing--50);padding-right:var(--wp--preset--spacing--50);padding-bottom:var(--wp--preset--spacing--50);padding-left:var(--wp--preset--spacing--50)\">\n<h2 class=\"wp-block-heading alignwide has-base-color has-text-color has-link-color wp-elements-c9b5699bdecff18878afa112249018b5\" style=\"font-size:10rem;letter-spacing:-0.02em\">FAQs<\/h2>\n\n\n\n<div class=\"wp-block-group alignwide is-layout-flow wp-block-group-is-layout-flow\">\n<hr class=\"wp-block-separator has-text-color has-base-color has-alpha-channel-opacity has-base-background-color has-background is-style-wide\"\/>\n\n\n\n<details class=\"wp-block-details is-style-arrow-icon-details has-medium-font-size is-layout-flow wp-block-details-is-layout-flow\" style=\"border-top-style:none;border-top-width:0px;border-right-style:none;border-right-width:0px;border-bottom-color:var(--wp--preset--color--base);border-bottom-style:solid;border-bottom-width:1px;border-left-style:none;border-left-width:0px;margin-top:0\"><summary>Wie arbeitest du bei kleineren Projekten?<\/summary>\n<p><\/p>\n<\/details>\n\n\n\n<details class=\"wp-block-details is-style-arrow-icon-details has-medium-font-size is-layout-flow wp-block-details-is-layout-flow\" style=\"border-top-style:none;border-top-width:0px;border-right-style:none;border-right-width:0px;border-bottom-color:var(--wp--preset--color--base);border-bottom-style:solid;border-bottom-width:1px;border-left-style:none;border-left-width:0px;margin-top:0\"><summary>Frage 2<\/summary>\n<p><\/p>\n<\/details>\n\n\n\n<details class=\"wp-block-details is-style-arrow-icon-details has-medium-font-size is-layout-flow wp-block-details-is-layout-flow\" style=\"border-top-style:none;border-top-width:0px;border-right-style:none;border-right-width:0px;border-bottom-color:var(--wp--preset--color--base);border-bottom-style:solid;border-bottom-width:1px;border-left-style:none;border-left-width:0px;margin-top:0\"><summary>Frage3<\/summary>\n<p><\/p>\n<\/details>\n\n\n\n<details class=\"wp-block-details is-style-arrow-icon-details has-medium-font-size is-layout-flow wp-block-details-is-layout-flow\" style=\"border-top-style:none;border-top-width:0px;border-right-style:none;border-right-width:0px;border-bottom-color:var(--wp--preset--color--base);border-bottom-style:solid;border-bottom-width:1px;border-left-style:none;border-left-width:0px;margin-top:0\"><summary>Frage4<\/summary>\n<p><\/p>\n<\/details>\n\n\n\n<div style=\"margin-top:var(--wp--preset--spacing--10);margin-bottom:0;height:var(--wp--preset--spacing--10)\" aria-hidden=\"true\" class=\"wp-block-spacer\"><\/div>\n<\/div>\n<\/div>\n\n\n\n<div class=\"wp-block-group alignfull is-layout-constrained wp-container-core-group-is-layout-d89aad35 wp-block-group-is-layout-constrained\" style=\"margin-top:0;margin-bottom:0;padding-top:var(--wp--preset--spacing--50);padding-right:var(--wp--preset--spacing--50);padding-bottom:var(--wp--preset--spacing--50);padding-left:var(--wp--preset--spacing--50)\">\n<div class=\"wp-block-columns alignwide are-vertically-aligned-center is-layout-flex wp-container-core-columns-is-layout-47c06fe3 wp-block-columns-is-layout-flex\">\n<div class=\"wp-block-column is-vertically-aligned-center is-layout-flow wp-block-column-is-layout-flow\" style=\"flex-basis:50%\">\n<h2 class=\"wp-block-heading\">Verbessere deine architektonische Reise mit der Architekten-App von \u00c9tudes.<\/h2>\n\n\n\n<ul style=\"line-height:1.75\" class=\"is-style-checkmark-list wp-block-list\">\n<li>Arbeite mit anderen Architekten zusammen.<\/li>\n\n\n\n<li>Stelle deine Projekte vor.<\/li>\n\n\n\n<li>Erlebe die Welt der Architektur.<\/li>\n<\/ul>\n\n\n\n<div class=\"wp-block-buttons is-layout-flex wp-block-buttons-is-layout-flex\">\n<div class=\"wp-block-button\"><a class=\"wp-block-button__link wp-element-button\">App herunterladen<\/a><\/div>\n\n\n\n<div class=\"wp-block-button is-style-outline is-style-outline--2\"><a class=\"wp-block-button__link wp-element-button\">So funktioniert es<\/a><\/div>\n<\/div>\n<\/div>\n\n\n\n<div class=\"wp-block-column is-vertically-aligned-center is-layout-flow wp-block-column-is-layout-flow\" style=\"flex-basis:50%\">\n<figure class=\"wp-block-image size-full is-style-rounded\"><img decoding=\"async\" src=\"https:\/\/film.julia-anoeta.de\/wp-content\/themes\/twentytwentyfour\/assets\/images\/abstract-geometric-art.webp\" alt=\"Wei\u00dfes abstraktes geometrisches Kunstwerk aus Dresden, Deutschland\" style=\"aspect-ratio:4\/3;object-fit:cover\"\/><\/figure>\n<\/div>\n<\/div>\n<\/div>\n","protected":false},"excerpt":{"rendered":"<p>Ich wurde als einer der sp\u00e4teren Millennials in Rheinland-Pfalz geboren, (wo es mich nicht lange hielt). Das Millennnial-Sein konnte ich jedoch nie ganz ablegen. Irgendwann fing ich an, in Film-Bildern zu denken. Im Anschluss habe ich mit viel Herzblut erste Regie-Erfahrungen gesammelt, Kurzfilme in die Tat umgesetzt, bei Drehs mitgewirkt. Nach einem FSJ Kultur in&#8230;<\/p>\n","protected":false},"author":1,"featured_media":0,"parent":0,"menu_order":0,"comment_status":"closed","ping_status":"closed","template":"","meta":{"footnotes":""},"class_list":["post-16","page","type-page","status-publish","hentry"],"_links":{"self":[{"href":"https:\/\/film.julia-anoeta.de\/index.php\/wp-json\/wp\/v2\/pages\/16","targetHints":{"allow":["GET"]}}],"collection":[{"href":"https:\/\/film.julia-anoeta.de\/index.php\/wp-json\/wp\/v2\/pages"}],"about":[{"href":"https:\/\/film.julia-anoeta.de\/index.php\/wp-json\/wp\/v2\/types\/page"}],"author":[{"embeddable":true,"href":"https:\/\/film.julia-anoeta.de\/index.php\/wp-json\/wp\/v2\/users\/1"}],"replies":[{"embeddable":true,"href":"https:\/\/film.julia-anoeta.de\/index.php\/wp-json\/wp\/v2\/comments?post=16"}],"version-history":[{"count":6,"href":"https:\/\/film.julia-anoeta.de\/index.php\/wp-json\/wp\/v2\/pages\/16\/revisions"}],"predecessor-version":[{"id":58,"href":"https:\/\/film.julia-anoeta.de\/index.php\/wp-json\/wp\/v2\/pages\/16\/revisions\/58"}],"wp:attachment":[{"href":"https:\/\/film.julia-anoeta.de\/index.php\/wp-json\/wp\/v2\/media?parent=16"}],"curies":[{"name":"wp","href":"https:\/\/api.w.org\/{rel}","templated":true}]}}